{"id":25,"date":"2025-09-21T15:44:38","date_gmt":"2025-09-21T15:44:38","guid":{"rendered":"http:\/\/christianeladoux.com\/?page_id=25"},"modified":"2026-04-26T16:07:30","modified_gmt":"2026-04-26T16:07:30","slug":"evenements","status":"publish","type":"page","link":"https:\/\/christianeladoux.com\/index.php\/evenements\/","title":{"rendered":"Ev\u00e8nements"},"content":{"rendered":"\t\t<div data-elementor-type=\"wp-page\" data-elementor-id=\"25\" class=\"elementor elementor-25\">\n\t\t\t\t<div class=\"elementor-element elementor-element-d53eca4 e-flex e-con-boxed e-con e-parent\" data-id=\"d53eca4\" data-element_type=\"container\">\n\t\t\t\t\t<div class=\"e-con-inner\">\n\t\t\t\t<div class=\"elementor-element elementor-element-3274c7e elementor-widget elementor-widget-heading\" data-id=\"3274c7e\" data-element_type=\"widget\" data-widget_type=\"heading.default\">\n\t\t\t\t\t<h2 class=\"elementor-heading-title elementor-size-default\">\u00c9V\u00c8NEMENTS<\/h2>\t\t\t\t<\/div>\n\t\t\t\t\t<\/div>\n\t\t\t\t<\/div>\n\t\t<div class=\"elementor-element elementor-element-9496034 e-flex e-con-boxed e-con e-parent\" data-id=\"9496034\" data-element_type=\"container\">\n\t\t\t\t\t<div class=\"e-con-inner\">\n\t\t<div class=\"elementor-element elementor-element-a7376a2 e-con-full e-flex e-con e-child\" data-id=\"a7376a2\" data-element_type=\"container\">\n\t\t\t\t<div class=\"elementor-element elementor-element-e883a60 elementor-widget elementor-widget-image\" data-id=\"e883a60\" data-element_type=\"widget\" data-widget_type=\"image.default\">\n\t\t\t\t\t\t\t\t\t\t\t\t\t\t\t<img fetchpriority=\"high\" decoding=\"async\" width=\"350\" height=\"494\" src=\"https:\/\/christianeladoux.com\/wp-content\/uploads\/2026\/04\/GalArt-2026-02.png\" class=\"attachment-large size-large wp-image-1048\" alt=\"\" srcset=\"https:\/\/christianeladoux.com\/wp-content\/uploads\/2026\/04\/GalArt-2026-02.png 350w, https:\/\/christianeladoux.com\/wp-content\/uploads\/2026\/04\/GalArt-2026-02-213x300.png 213w\" sizes=\"(max-width: 350px) 100vw, 350px\" \/>\t\t\t\t\t\t\t\t\t\t\t\t\t\t\t<\/div>\n\t\t\t\t<\/div>\n\t\t<div class=\"elementor-element elementor-element-3777b8d e-con-full e-flex e-con e-child\" data-id=\"3777b8d\" data-element_type=\"container\">\n\t\t\t\t<div class=\"elementor-element elementor-element-e03a5af elementor-widget elementor-widget-text-editor\" data-id=\"e03a5af\" data-element_type=\"widget\" data-widget_type=\"text-editor.default\">\n\t\t\t\t\t\t\t\t\t<p><strong>GAL&rsquo;ART<br \/><\/strong>J&rsquo;ai le plaisir de vous convier \u00e0 la 8\u00e8me \u00e9dition de <strong>GAL&rsquo;ART<\/strong> qui se d\u00e9roulera le 02 et 03 Mai 2026 \u00e0 Galargues 34160<strong><br \/><br \/><\/strong><\/p><p>Invit\u00e9e d&rsquo;honneur, en compagnie de Christophe Schirmer, pour la photographie, je vous pr\u00e9senterai mes cr\u00e9ations photographiques<br \/>le samedi 02 Mai 2026 de 14h \u00e0 18h<br \/>et le dimanche 03 Mai 2026 de 10h \u00e0 18h<\/p><p>\u00a0<\/p><p>\u00a0<\/p><p>\u00a0<\/p>\t\t\t\t\t\t\t\t<\/div>\n\t\t\t\t<\/div>\n\t\t\t\t\t<\/div>\n\t\t\t\t<\/div>\n\t\t<div class=\"elementor-element elementor-element-bdb912b e-flex e-con-boxed e-con e-parent\" data-id=\"bdb912b\" data-element_type=\"container\">\n\t\t\t\t\t<div class=\"e-con-inner\">\n\t\t<div class=\"elementor-element elementor-element-8ac5380 e-con-full e-flex e-con e-child\" data-id=\"8ac5380\" data-element_type=\"container\">\n\t\t\t\t<div class=\"elementor-element elementor-element-1aa3f9e elementor-widget elementor-widget-image\" data-id=\"1aa3f9e\" data-element_type=\"widget\" data-widget_type=\"image.default\">\n\t\t\t\t\t\t\t\t\t\t\t\t\t\t\t<img decoding=\"async\" width=\"350\" height=\"467\" src=\"https:\/\/christianeladoux.com\/wp-content\/uploads\/2026\/04\/PENITENTS-AVRIL-2026.jpg\" class=\"attachment-large size-large wp-image-1049\" alt=\"\" srcset=\"https:\/\/christianeladoux.com\/wp-content\/uploads\/2026\/04\/PENITENTS-AVRIL-2026.jpg 350w, https:\/\/christianeladoux.com\/wp-content\/uploads\/2026\/04\/PENITENTS-AVRIL-2026-225x300.jpg 225w\" sizes=\"(max-width: 350px) 100vw, 350px\" \/>\t\t\t\t\t\t\t\t\t\t\t\t\t\t\t<\/div>\n\t\t\t\t<\/div>\n\t\t<div class=\"elementor-element elementor-element-9fa672b e-con-full e-flex e-con e-child\" data-id=\"9fa672b\" data-element_type=\"container\">\n\t\t\t\t<div class=\"elementor-element elementor-element-c8e8cc4 elementor-widget elementor-widget-text-editor\" data-id=\"c8e8cc4\" data-element_type=\"widget\" data-widget_type=\"text-editor.default\">\n\t\t\t\t\t\t\t\t\t<p><strong>EXPOSITION COLLECTIVE<br \/><\/strong>\u00e0 <strong>la Chapelle des P\u00e9nitents<\/strong><br \/>98 Grand Rue Mario Roustan<strong><br \/><\/strong>du 10 au 16 Avril 2026<strong><br \/>Prolong\u00e9e jusqu&rsquo;au 20 Avril 2026<br \/><\/strong>De 10h30 \u00e0 12h30<br \/>et de 15h \u00e0 18h30<\/p><p>\u00a0<\/p>\t\t\t\t\t\t\t\t<\/div>\n\t\t\t\t<\/div>\n\t\t\t\t\t<\/div>\n\t\t\t\t<\/div>\n\t\t<div class=\"elementor-element elementor-element-f78e50d e-flex e-con-boxed e-con e-parent\" data-id=\"f78e50d\" data-element_type=\"container\">\n\t\t\t\t\t<div class=\"e-con-inner\">\n\t\t<div class=\"elementor-element elementor-element-877b9d8 e-con-full e-flex e-con e-child\" data-id=\"877b9d8\" data-element_type=\"container\">\n\t\t<div class=\"elementor-element elementor-element-74b8a23 e-con-full e-flex e-con e-child\" data-id=\"74b8a23\" data-element_type=\"container\">\n\t\t\t\t<div class=\"elementor-element elementor-element-9e663ee elementor-widget elementor-widget-image\" data-id=\"9e663ee\" data-element_type=\"widget\" data-widget_type=\"image.default\">\n\t\t\t\t\t\t\t\t\t\t\t\t\t\t\t<img decoding=\"async\" width=\"350\" height=\"495\" src=\"https:\/\/christianeladoux.com\/wp-content\/uploads\/2025\/12\/2.png\" class=\"attachment-large size-large wp-image-1039\" alt=\"\" srcset=\"https:\/\/christianeladoux.com\/wp-content\/uploads\/2025\/12\/2.png 350w, https:\/\/christianeladoux.com\/wp-content\/uploads\/2025\/12\/2-212x300.png 212w\" sizes=\"(max-width: 350px) 100vw, 350px\" \/>\t\t\t\t\t\t\t\t\t\t\t\t\t\t\t<\/div>\n\t\t\t\t<\/div>\n\t\t<div class=\"elementor-element elementor-element-fbb7821 e-con-full e-flex e-con e-child\" data-id=\"fbb7821\" data-element_type=\"container\">\n\t\t\t\t<div class=\"elementor-element elementor-element-6a2ee0f elementor-widget elementor-widget-text-editor\" data-id=\"6a2ee0f\" data-element_type=\"widget\" data-widget_type=\"text-editor.default\">\n\t\t\t\t\t\t\t\t\t<p><strong>EXPOSITION COLLECTIVE<br \/>PETITS FORMATS &amp; OBJETS D\u00c9RIV\u00c9S<br \/><\/strong>\u00a0Du 03 au 27 D\u00e9cembre 2025<br \/>\u00e0 La Galerie\u00a0<strong>ARTEL<br \/><\/strong>16 rue Leenhardt 34000 Montpellier<br \/>Ouvert du Mardi au Samedi de 15h \u00e0 19h<\/p><p><strong>VERNISSAGE<br \/><\/strong>Le Jeudi 04 D\u00e9cembre \u00e0 18h<\/p><p>\u00a0<\/p>\t\t\t\t\t\t\t\t<\/div>\n\t\t\t\t<\/div>\n\t\t\t\t<\/div>\n\t\t\t\t\t<\/div>\n\t\t\t\t<\/div>\n\t\t<div class=\"elementor-element elementor-element-755c8a4 e-flex e-con-boxed e-con e-parent\" data-id=\"755c8a4\" data-element_type=\"container\">\n\t\t\t\t\t<div class=\"e-con-inner\">\n\t\t<div class=\"elementor-element elementor-element-9922898 e-con-full e-flex e-con e-child\" data-id=\"9922898\" data-element_type=\"container\">\n\t\t\t\t<div class=\"elementor-element elementor-element-b16c53f elementor-widget elementor-widget-image\" data-id=\"b16c53f\" data-element_type=\"widget\" data-widget_type=\"image.default\">\n\t\t\t\t\t\t\t\t\t\t\t\t\t\t\t<img loading=\"lazy\" decoding=\"async\" width=\"240\" height=\"300\" src=\"https:\/\/christianeladoux.com\/wp-content\/uploads\/2025\/11\/Parcours37-insta-1080x1350-1-240x300.jpg\" class=\"attachment-medium size-medium wp-image-994\" alt=\"\" srcset=\"https:\/\/christianeladoux.com\/wp-content\/uploads\/2025\/11\/Parcours37-insta-1080x1350-1-240x300.jpg 240w, https:\/\/christianeladoux.com\/wp-content\/uploads\/2025\/11\/Parcours37-insta-1080x1350-1-819x1024.jpg 819w, https:\/\/christianeladoux.com\/wp-content\/uploads\/2025\/11\/Parcours37-insta-1080x1350-1-768x960.jpg 768w, https:\/\/christianeladoux.com\/wp-content\/uploads\/2025\/11\/Parcours37-insta-1080x1350-1.jpg 1080w\" sizes=\"(max-width: 240px) 100vw, 240px\" \/>\t\t\t\t\t\t\t\t\t\t\t\t\t\t\t<\/div>\n\t\t\t\t<\/div>\n\t\t<div class=\"elementor-element elementor-element-ff53182 e-con-full e-flex e-con e-child\" data-id=\"ff53182\" data-element_type=\"container\">\n\t\t\t\t<div class=\"elementor-element elementor-element-043c1ae elementor-widget elementor-widget-image\" data-id=\"043c1ae\" data-element_type=\"widget\" data-widget_type=\"image.default\">\n\t\t\t\t\t\t\t\t\t\t\t\t\t\t\t<img decoding=\"async\" src=\"https:\/\/christianeladoux.com\/wp-content\/uploads\/2025\/11\/Incandescence-300X400.jpg\" title=\"Incandescence 300X400\" alt=\"Incandescence 300X400\" loading=\"lazy\" \/>\t\t\t\t\t\t\t\t\t\t\t\t\t\t\t<\/div>\n\t\t\t\t<\/div>\n\t\t<div class=\"elementor-element elementor-element-a64cf18 e-con-full e-flex e-con e-child\" data-id=\"a64cf18\" data-element_type=\"container\">\n\t\t\t\t<div class=\"elementor-element elementor-element-1790787 elementor-widget elementor-widget-text-editor\" data-id=\"1790787\" data-element_type=\"widget\" data-widget_type=\"text-editor.default\">\n\t\t\t\t\t\t\t\t\t<p><strong>BRISCARTS<br \/><\/strong>37\u00e9me Parcours Ateliers D&rsquo;Artistes<br \/>Sur le Th\u00e8me\u00a0<strong>V\u00c9G\u00c9TAL<\/strong><\/p><p>EXPOSITION COLLECTIVE<br \/>\u00c0 L&rsquo;ESPACE SAINT-RAVY<br \/>2 rue Cauzit 34000 Montpellier<br \/>du 28 au 30 Novembre 2025<br \/>de 11h \u00e0 19h<br \/><br \/><\/p><p>Mon atelier situ\u00e9 au 8 rue Jugan 34000 Montpellier<br \/>vous sera ouvert Samedi 29 et Dimanche 30 Novembre 2025<br \/>de 11h \u00e0 19h\u00a0<\/p>\t\t\t\t\t\t\t\t<\/div>\n\t\t\t\t<\/div>\n\t\t\t\t\t<\/div>\n\t\t\t\t<\/div>\n\t\t<div class=\"elementor-element elementor-element-e7bd4b1 e-flex e-con-boxed e-con e-parent\" data-id=\"e7bd4b1\" data-element_type=\"container\">\n\t\t\t\t\t<div class=\"e-con-inner\">\n\t\t<div class=\"elementor-element elementor-element-1e333ab e-con-full e-flex e-con e-child\" data-id=\"1e333ab\" data-element_type=\"container\">\n\t\t<div class=\"elementor-element elementor-element-0a59abe e-con-full e-flex e-con e-child\" data-id=\"0a59abe\" data-element_type=\"container\">\n\t\t\t\t<div class=\"elementor-element elementor-element-78f8119 elementor-widget elementor-widget-image\" data-id=\"78f8119\" data-element_type=\"widget\" data-widget_type=\"image.default\">\n\t\t\t\t\t\t\t\t\t\t\t\t\t\t\t<img loading=\"lazy\" decoding=\"async\" width=\"300\" height=\"425\" src=\"https:\/\/christianeladoux.com\/wp-content\/uploads\/2025\/11\/Curiosite-300.jpg\" class=\"attachment-large size-large wp-image-977\" alt=\"\" srcset=\"https:\/\/christianeladoux.com\/wp-content\/uploads\/2025\/11\/Curiosite-300.jpg 300w, https:\/\/christianeladoux.com\/wp-content\/uploads\/2025\/11\/Curiosite-300-212x300.jpg 212w\" sizes=\"(max-width: 300px) 100vw, 300px\" \/>\t\t\t\t\t\t\t\t\t\t\t\t\t\t\t<\/div>\n\t\t\t\t<\/div>\n\t\t<div class=\"elementor-element elementor-element-4a1046b e-con-full e-flex e-con e-child\" data-id=\"4a1046b\" data-element_type=\"container\">\n\t\t\t\t<div class=\"elementor-element elementor-element-1c600e0 elementor-widget elementor-widget-text-editor\" data-id=\"1c600e0\" data-element_type=\"widget\" data-widget_type=\"text-editor.default\">\n\t\t\t\t\t\t\t\t\t<p><strong>CURIOSIT\u00c9<br \/><\/strong>Exposition du 07 Novembre au 14 D\u00e9cembre 2025<br \/>\u00e0 <strong>La Galerie Le Pont Des Z&rsquo;Arts<br \/><\/strong>50 Grand Rue 74910 Seyssel<\/p><p><strong>VERNISSAGE<br \/><\/strong>Le Vendredi 07 Novembre 2025<br \/>\u00e0 partir de 17h<\/p><p><span style=\"text-decoration: underline;\">La galerie est ouverte<\/span>:<br \/>Le lundi de 10h \u00e0 12h<br \/>Le vendredi de 15h \u00e0 17h<br \/>Le samedi et le dimanche <br \/>de 10h \u00e0 12h et de 15h \u00e0 17h<\/p>\t\t\t\t\t\t\t\t<\/div>\n\t\t\t\t<\/div>\n\t\t\t\t<\/div>\n\t\t\t\t\t<\/div>\n\t\t\t\t<\/div>\n\t\t\t\t<\/div>\n\t\t","protected":false},"excerpt":{"rendered":"<p>\u00c9V\u00c8NEMENTS GAL&rsquo;ARTJ&rsquo;ai le plaisir de vous convier \u00e0 la 8\u00e8me \u00e9dition de GAL&rsquo;ART qui se d\u00e9roulera le 02 et 03 Mai 2026 \u00e0 Galargues 34160 Invit\u00e9e d&rsquo;honneur, en compagnie de Christophe Schirmer, pour la photographie, je vous pr\u00e9senterai mes cr\u00e9ations photographiquesle samedi 02 Mai 2026 de 14h \u00e0 18het le dimanche 03 Mai 2026 de [&hellip;]<\/p>\n","protected":false},"author":1,"featured_media":0,"parent":0,"menu_order":0,"comment_status":"closed","ping_status":"closed","template":"","meta":{"footnotes":""},"class_list":["post-25","page","type-page","status-publish","hentry","entry"],"yoast_head":"<!-- This site is optimized with the Yoast SEO plugin v25.9 - https:\/\/yoast.com\/wordpress\/plugins\/seo\/ -->\n<title>Ev\u00e8nements - Christiane Ladoux<\/title>\n<meta name=\"robots\" content=\"index, follow, max-snippet:-1, max-image-preview:large, max-video-preview:-1\" \/>\n<link rel=\"canonical\" href=\"https:\/\/christianeladoux.com\/index.php\/evenements\/\" \/>\n<meta property=\"og:locale\" content=\"fr_FR\" \/>\n<meta property=\"og:type\" content=\"article\" \/>\n<meta property=\"og:title\" content=\"Ev\u00e8nements - Christiane Ladoux\" \/>\n<meta property=\"og:description\" content=\"\u00c9V\u00c8NEMENTS GAL&rsquo;ARTJ&rsquo;ai le plaisir de vous convier \u00e0 la 8\u00e8me \u00e9dition de GAL&rsquo;ART qui se d\u00e9roulera le 02 et 03 Mai 2026 \u00e0 Galargues 34160 Invit\u00e9e d&rsquo;honneur, en compagnie de Christophe Schirmer, pour la photographie, je vous pr\u00e9senterai mes cr\u00e9ations photographiquesle samedi 02 Mai 2026 de 14h \u00e0 18het le dimanche 03 Mai 2026 de [&hellip;]\" \/>\n<meta property=\"og:url\" content=\"https:\/\/christianeladoux.com\/index.php\/evenements\/\" \/>\n<meta property=\"og:site_name\" content=\"Christiane Ladoux\" \/>\n<meta property=\"article:modified_time\" content=\"2026-04-26T16:07:30+00:00\" \/>\n<meta property=\"og:image\" content=\"http:\/\/christianeladoux.com\/wp-content\/uploads\/2026\/04\/GalArt-2026-02.png\" \/>\n<meta name=\"twitter:card\" content=\"summary_large_image\" \/>\n<meta name=\"twitter:label1\" content=\"Dur\u00e9e de lecture estim\u00e9e\" \/>\n\t<meta name=\"twitter:data1\" content=\"2 minutes\" \/>\n<script type=\"application\/ld+json\" class=\"yoast-schema-graph\">{\"@context\":\"https:\/\/schema.org\",\"@graph\":[{\"@type\":\"WebPage\",\"@id\":\"https:\/\/christianeladoux.com\/index.php\/evenements\/\",\"url\":\"https:\/\/christianeladoux.com\/index.php\/evenements\/\",\"name\":\"Ev\u00e8nements - Christiane Ladoux\",\"isPartOf\":{\"@id\":\"http:\/\/christianeladoux.com\/#website\"},\"primaryImageOfPage\":{\"@id\":\"https:\/\/christianeladoux.com\/index.php\/evenements\/#primaryimage\"},\"image\":{\"@id\":\"https:\/\/christianeladoux.com\/index.php\/evenements\/#primaryimage\"},\"thumbnailUrl\":\"http:\/\/christianeladoux.com\/wp-content\/uploads\/2026\/04\/GalArt-2026-02.png\",\"datePublished\":\"2025-09-21T15:44:38+00:00\",\"dateModified\":\"2026-04-26T16:07:30+00:00\",\"breadcrumb\":{\"@id\":\"https:\/\/christianeladoux.com\/index.php\/evenements\/#breadcrumb\"},\"inLanguage\":\"fr-FR\",\"potentialAction\":[{\"@type\":\"ReadAction\",\"target\":[\"https:\/\/christianeladoux.com\/index.php\/evenements\/\"]}]},{\"@type\":\"ImageObject\",\"inLanguage\":\"fr-FR\",\"@id\":\"https:\/\/christianeladoux.com\/index.php\/evenements\/#primaryimage\",\"url\":\"https:\/\/christianeladoux.com\/wp-content\/uploads\/2026\/04\/GalArt-2026-02.png\",\"contentUrl\":\"https:\/\/christianeladoux.com\/wp-content\/uploads\/2026\/04\/GalArt-2026-02.png\",\"width\":350,\"height\":494},{\"@type\":\"BreadcrumbList\",\"@id\":\"https:\/\/christianeladoux.com\/index.php\/evenements\/#breadcrumb\",\"itemListElement\":[{\"@type\":\"ListItem\",\"position\":1,\"name\":\"Home\",\"item\":\"http:\/\/christianeladoux.com\/\"},{\"@type\":\"ListItem\",\"position\":2,\"name\":\"Ev\u00e8nements\"}]},{\"@type\":\"WebSite\",\"@id\":\"http:\/\/christianeladoux.com\/#website\",\"url\":\"http:\/\/christianeladoux.com\/\",\"name\":\"Christiane Ladoux\",\"description\":\"\",\"publisher\":{\"@id\":\"http:\/\/christianeladoux.com\/#organization\"},\"potentialAction\":[{\"@type\":\"SearchAction\",\"target\":{\"@type\":\"EntryPoint\",\"urlTemplate\":\"http:\/\/christianeladoux.com\/?s={search_term_string}\"},\"query-input\":{\"@type\":\"PropertyValueSpecification\",\"valueRequired\":true,\"valueName\":\"search_term_string\"}}],\"inLanguage\":\"fr-FR\"},{\"@type\":\"Organization\",\"@id\":\"http:\/\/christianeladoux.com\/#organization\",\"name\":\"Christiane Ladoux\",\"url\":\"http:\/\/christianeladoux.com\/\",\"logo\":{\"@type\":\"ImageObject\",\"inLanguage\":\"fr-FR\",\"@id\":\"http:\/\/christianeladoux.com\/#\/schema\/logo\/image\/\",\"url\":\"https:\/\/christianeladoux.com\/wp-content\/uploads\/2025\/09\/LOGO-CHRISTIANE-2.175x75-pixels.jpg\",\"contentUrl\":\"https:\/\/christianeladoux.com\/wp-content\/uploads\/2025\/09\/LOGO-CHRISTIANE-2.175x75-pixels.jpg\",\"width\":75,\"height\":75,\"caption\":\"Christiane Ladoux\"},\"image\":{\"@id\":\"http:\/\/christianeladoux.com\/#\/schema\/logo\/image\/\"}}]}<\/script>\n<!-- \/ Yoast SEO plugin. -->","yoast_head_json":{"title":"Ev\u00e8nements - Christiane Ladoux","robots":{"index":"index","follow":"follow","max-snippet":"max-snippet:-1","max-image-preview":"max-image-preview:large","max-video-preview":"max-video-preview:-1"},"canonical":"https:\/\/christianeladoux.com\/index.php\/evenements\/","og_locale":"fr_FR","og_type":"article","og_title":"Ev\u00e8nements - Christiane Ladoux","og_description":"\u00c9V\u00c8NEMENTS GAL&rsquo;ARTJ&rsquo;ai le plaisir de vous convier \u00e0 la 8\u00e8me \u00e9dition de GAL&rsquo;ART qui se d\u00e9roulera le 02 et 03 Mai 2026 \u00e0 Galargues 34160 Invit\u00e9e d&rsquo;honneur, en compagnie de Christophe Schirmer, pour la photographie, je vous pr\u00e9senterai mes cr\u00e9ations photographiquesle samedi 02 Mai 2026 de 14h \u00e0 18het le dimanche 03 Mai 2026 de [&hellip;]","og_url":"https:\/\/christianeladoux.com\/index.php\/evenements\/","og_site_name":"Christiane Ladoux","article_modified_time":"2026-04-26T16:07:30+00:00","og_image":[{"url":"http:\/\/christianeladoux.com\/wp-content\/uploads\/2026\/04\/GalArt-2026-02.png","type":"","width":"","height":""}],"twitter_card":"summary_large_image","twitter_misc":{"Dur\u00e9e de lecture estim\u00e9e":"2 minutes"},"schema":{"@context":"https:\/\/schema.org","@graph":[{"@type":"WebPage","@id":"https:\/\/christianeladoux.com\/index.php\/evenements\/","url":"https:\/\/christianeladoux.com\/index.php\/evenements\/","name":"Ev\u00e8nements - Christiane Ladoux","isPartOf":{"@id":"http:\/\/christianeladoux.com\/#website"},"primaryImageOfPage":{"@id":"https:\/\/christianeladoux.com\/index.php\/evenements\/#primaryimage"},"image":{"@id":"https:\/\/christianeladoux.com\/index.php\/evenements\/#primaryimage"},"thumbnailUrl":"http:\/\/christianeladoux.com\/wp-content\/uploads\/2026\/04\/GalArt-2026-02.png","datePublished":"2025-09-21T15:44:38+00:00","dateModified":"2026-04-26T16:07:30+00:00","breadcrumb":{"@id":"https:\/\/christianeladoux.com\/index.php\/evenements\/#breadcrumb"},"inLanguage":"fr-FR","potentialAction":[{"@type":"ReadAction","target":["https:\/\/christianeladoux.com\/index.php\/evenements\/"]}]},{"@type":"ImageObject","inLanguage":"fr-FR","@id":"https:\/\/christianeladoux.com\/index.php\/evenements\/#primaryimage","url":"https:\/\/christianeladoux.com\/wp-content\/uploads\/2026\/04\/GalArt-2026-02.png","contentUrl":"https:\/\/christianeladoux.com\/wp-content\/uploads\/2026\/04\/GalArt-2026-02.png","width":350,"height":494},{"@type":"BreadcrumbList","@id":"https:\/\/christianeladoux.com\/index.php\/evenements\/#breadcrumb","itemListElement":[{"@type":"ListItem","position":1,"name":"Home","item":"http:\/\/christianeladoux.com\/"},{"@type":"ListItem","position":2,"name":"Ev\u00e8nements"}]},{"@type":"WebSite","@id":"http:\/\/christianeladoux.com\/#website","url":"http:\/\/christianeladoux.com\/","name":"Christiane Ladoux","description":"","publisher":{"@id":"http:\/\/christianeladoux.com\/#organization"},"potentialAction":[{"@type":"SearchAction","target":{"@type":"EntryPoint","urlTemplate":"http:\/\/christianeladoux.com\/?s={search_term_string}"},"query-input":{"@type":"PropertyValueSpecification","valueRequired":true,"valueName":"search_term_string"}}],"inLanguage":"fr-FR"},{"@type":"Organization","@id":"http:\/\/christianeladoux.com\/#organization","name":"Christiane Ladoux","url":"http:\/\/christianeladoux.com\/","logo":{"@type":"ImageObject","inLanguage":"fr-FR","@id":"http:\/\/christianeladoux.com\/#\/schema\/logo\/image\/","url":"https:\/\/christianeladoux.com\/wp-content\/uploads\/2025\/09\/LOGO-CHRISTIANE-2.175x75-pixels.jpg","contentUrl":"https:\/\/christianeladoux.com\/wp-content\/uploads\/2025\/09\/LOGO-CHRISTIANE-2.175x75-pixels.jpg","width":75,"height":75,"caption":"Christiane Ladoux"},"image":{"@id":"http:\/\/christianeladoux.com\/#\/schema\/logo\/image\/"}}]}},"_links":{"self":[{"href":"https:\/\/christianeladoux.com\/index.php\/wp-json\/wp\/v2\/pages\/25","targetHints":{"allow":["GET"]}}],"collection":[{"href":"https:\/\/christianeladoux.com\/index.php\/wp-json\/wp\/v2\/pages"}],"about":[{"href":"https:\/\/christianeladoux.com\/index.php\/wp-json\/wp\/v2\/types\/page"}],"author":[{"embeddable":true,"href":"https:\/\/christianeladoux.com\/index.php\/wp-json\/wp\/v2\/users\/1"}],"replies":[{"embeddable":true,"href":"https:\/\/christianeladoux.com\/index.php\/wp-json\/wp\/v2\/comments?post=25"}],"version-history":[{"count":95,"href":"https:\/\/christianeladoux.com\/index.php\/wp-json\/wp\/v2\/pages\/25\/revisions"}],"predecessor-version":[{"id":1072,"href":"https:\/\/christianeladoux.com\/index.php\/wp-json\/wp\/v2\/pages\/25\/revisions\/1072"}],"wp:attachment":[{"href":"https:\/\/christianeladoux.com\/index.php\/wp-json\/wp\/v2\/media?parent=25"}],"curies":[{"name":"wp","href":"https:\/\/api.w.org\/{rel}","templated":true}]}}